{"id":2598,"date":"2019-06-19T23:00:57","date_gmt":"2019-06-19T21:00:57","guid":{"rendered":"https:\/\/www.tonnelleriebaron.com\/nuestra-politica-medioambiental\/"},"modified":"2021-10-06T10:52:25","modified_gmt":"2021-10-06T08:52:25","slug":"nuestra-politica-medioambiental","status":"publish","type":"page","link":"https:\/\/www.tonnelleriebaron.com\/es\/nuestra-politica-medioambiental\/","title":{"rendered":"Nuestra pol\u00edtica medioambiental"},"content":{"rendered":"<p>[et_pb_section fb_built=\u00bb1&#8243; disabled_on=\u00bbon|off|off\u00bb admin_label=\u00bbLanguages switcher\u00bb _builder_version=\u00bb3.24&#8243; custom_margin=\u00bb0px||\u00bb custom_margin_tablet=\u00bb-15px|35%||0px\u00bb custom_margin_phone=\u00bb0px|0%|0px|\u00bb custom_margin_last_edited=\u00bbon|phone\u00bb custom_padding=\u00bb0|0px|0px|0px|false|false\u00bb collapsed=\u00bbon\u00bb global_colors_info=\u00bb{}\u00bb][et_pb_row admin_label=\u00bbRow\u00bb module_class=\u00bb et_pb_row_fullwidth\u00bb _builder_version=\u00bb3.25&#8243; width=\u00bb100%\u00bb width_tablet=\u00bb100%\u00bb width_phone=\u00bb\u00bb width_last_edited=\u00bbon|desktop\u00bb max_width=\u00bb100%\u00bb max_width_tablet=\u00bb100%\u00bb max_width_phone=\u00bb\u00bb max_width_last_edited=\u00bbon|desktop\u00bb custom_padding=\u00bb|82px|||false|false\u00bb make_fullwidth=\u00bbon\u00bb global_colors_info=\u00bb{}\u00bb][et_pb_column type=\u00bb4_4&#8243; _builder_version=\u00bb3.25&#8243; custom_padding=\u00bb|||\u00bb global_colors_info=\u00bb{}\u00bb custom_padding__hover=\u00bb|||\u00bb][et_pb_code _builder_version=\u00bb3.19.18&#8243; text_orientation=\u00bbright\u00bb custom_margin=\u00bb0px||\u00bb animation_style=\u00bbfade\u00bb animation_duration=\u00bb1950ms\u00bb animation_delay=\u00bb150ms\u00bb global_colors_info=\u00bb{}\u00bb]<div class=\"selecteur-langues\"><a href=\"\/nuestra-politica-medioambiental\">FR<\/a> \/ <a href=\"\/en\/nuestra-politica-medioambiental\">EN<\/a>  \/ <a href=\"\/it\/nuestra-politica-medioambiental\">IT<\/a><\/div>\n[\/et_pb_code][\/et_pb_column][\/et_pb_row][\/et_pb_section][et_pb_section fb_built=\u00bb1&#8243; disabled_on=\u00bbon|on|off\u00bb _builder_version=\u00bb3.22.3&#8243; custom_margin_tablet=\u00bb0px||0px\u00bb custom_margin_phone=\u00bb\u00bb custom_margin_last_edited=\u00bbon|tablet\u00bb global_colors_info=\u00bb{}\u00bb][et_pb_row _builder_version=\u00bb3.25&#8243; global_colors_info=\u00bb{}\u00bb][et_pb_column type=\u00bb4_4&#8243; _builder_version=\u00bb3.25&#8243; custom_padding=\u00bb|||\u00bb global_colors_info=\u00bb{}\u00bb custom_padding__hover=\u00bb|||\u00bb][et_pb_image src=\u00bbhttps:\/\/www.tonnelleriebaron.com\/wp-content\/uploads\/2019\/06\/LOGO-TONNELLERIE-BARON-PM874-INSPIRE\u0301E-par-NATURE2.png\u00bb url=\u00bb\/es\/\u00bb align=\u00bbcenter\u00bb align_tablet=\u00bbcenter\u00bb align_phone=\u00bb\u00bb align_last_edited=\u00bbon|desktop\u00bb disabled_on=\u00bbon|off|off\u00bb admin_label=\u00bbLOGO BARON\u00bb _builder_version=\u00bb3.25.3&#8243; z_index=\u00bb999&#8243; width=\u00bb100%\u00bb max_width=\u00bb20%\u00bb max_width_phone=\u00bb65%\u00bb max_width_last_edited=\u00bboff|desktop\u00bb module_alignment=\u00bbcenter\u00bb custom_margin=\u00bb0%||\u00bb custom_margin_tablet=\u00bb\u00bb custom_margin_phone=\u00bb-30%||0px||false\u00bb custom_margin_last_edited=\u00bbon|phone\u00bb animation_style=\u00bbfade\u00bb always_center_on_mobile=\u00bbon\u00bb saved_tabs=\u00bball\u00bb global_colors_info=\u00bb{}\u00bb][\/et_pb_image][\/et_pb_column][\/et_pb_row][\/et_pb_section][et_pb_section fb_built=\u00bb1&#8243; custom_padding_last_edited=\u00bbon|desktop\u00bb admin_label=\u00bbNotre engagement\u00bb module_id=\u00bbNUESTRO COMPROMISO\u00bb _builder_version=\u00bb3.25.4&#8243; custom_margin_tablet=\u00bb\u00bb custom_margin_phone=\u00bb0px||0px\u00bb custom_margin_last_edited=\u00bbon|desktop\u00bb custom_padding=\u00bb1px||\u00bb custom_padding_tablet=\u00bb\u00bb custom_padding_phone=\u00bb0px||0px\u00bb global_colors_info=\u00bb{}\u00bb][et_pb_row column_structure=\u00bb3_4,1_4&#8243; custom_padding_last_edited=\u00bbon|phone\u00bb module_id=\u00bbNos Valeurs\u00bb module_class=\u00bb et_pb_row_fullwidth\u00bb _builder_version=\u00bb3.25&#8243; width=\u00bb100%\u00bb width_tablet=\u00bb100%\u00bb width_phone=\u00bb\u00bb width_last_edited=\u00bbon|desktop\u00bb max_width=\u00bb100%\u00bb max_width_tablet=\u00bb100%\u00bb max_width_phone=\u00bb\u00bb max_width_last_edited=\u00bbon|desktop\u00bb module_alignment=\u00bbleft\u00bb custom_margin_tablet=\u00bb\u00bb custom_margin_phone=\u00bb10%||\u00bb custom_margin_last_edited=\u00bbon|desktop\u00bb custom_padding=\u00bb100px|0px|22px|0px|false|false\u00bb custom_padding_tablet=\u00bb0px|||\u00bb custom_padding_phone=\u00bb\u00bb make_fullwidth=\u00bbon\u00bb global_colors_info=\u00bb{}\u00bb][et_pb_column type=\u00bb3_4&#8243; _builder_version=\u00bb3.25&#8243; custom_padding=\u00bb|||\u00bb global_colors_info=\u00bb{}\u00bb custom_padding__hover=\u00bb|||\u00bb][et_pb_text admin_label=\u00bbPr\u00e9server H1&#8243; _builder_version=\u00bb4.4.5&#8243; text_font=\u00bbMarcellus||||||||\u00bb text_text_color=\u00bb#8c6e4a\u00bb header_font=\u00bbJosefin Sans|300|||||||\u00bb header_text_align=\u00bbright\u00bb header_2_font=\u00bbJosefin Sans|300||on|||||\u00bb header_2_text_align=\u00bbright\u00bb header_2_font_size=\u00bb1em\u00bb header_2_letter_spacing=\u00bb3px\u00bb header_2_line_height=\u00bb1.2em\u00bb text_orientation=\u00bbjustified\u00bb width=\u00bb100%\u00bb max_width=\u00bb50%\u00bb max_width_tablet=\u00bb85%\u00bb max_width_phone=\u00bb\u00bb max_width_last_edited=\u00bbon|tablet\u00bb module_alignment=\u00bbright\u00bb custom_margin=\u00bb10px|0px|-20px|0px|false|false\u00bb custom_margin_tablet=\u00bb\u00bb custom_margin_phone=\u00bb\u00bb custom_margin_last_edited=\u00bbon|desktop\u00bb custom_padding=\u00bb||0px||false|false\u00bb custom_padding_tablet=\u00bb\u00bb custom_padding_phone=\u00bb|5px|10px||false|false\u00bb custom_padding_last_edited=\u00bbon|phone\u00bb animation_style=\u00bbslide\u00bb animation_direction=\u00bbright\u00bb animation_duration=\u00bb1650ms\u00bb animation_intensity_slide=\u00bb16%\u00bb text_font_size_tablet=\u00bb\u00bb text_font_size_phone=\u00bb\u00bb text_font_size_last_edited=\u00bbon|phone\u00bb header_font_size_tablet=\u00bb\u00bb header_font_size_phone=\u00bb0.5rem\u00bb header_font_size_last_edited=\u00bbon|phone\u00bb header_2_font_size_tablet=\u00bb\u00bb header_2_font_size_phone=\u00bb1.5rem\u00bb header_2_font_size_last_edited=\u00bbon|phone\u00bb text_text_align=\u00bbleft\u00bb locked=\u00bboff\u00bb global_colors_info=\u00bb{}\u00bb]<\/p>\n<h1 style=\"font-size: large;\">Preservar y poner en valor la biodiversidad<\/h1>\n<p>[\/et_pb_text][et_pb_text admin_label=\u00bbnotre environnement\u00bb _builder_version=\u00bb4.4.5&#8243; text_font=\u00bbMarcellus||||||||\u00bb text_text_color=\u00bb#8c6e4a\u00bb text_font_size=\u00bb3em\u00bb header_font=\u00bb||||||||\u00bb header_text_align=\u00bbright\u00bb header_2_font=\u00bbJosefin Sans|300||on|||||\u00bb header_2_text_align=\u00bbright\u00bb header_2_font_size=\u00bb1em\u00bb header_2_letter_spacing=\u00bb3px\u00bb header_2_line_height=\u00bb1.2em\u00bb max_width=\u00bb59%\u00bb max_width_tablet=\u00bb85%\u00bb max_width_phone=\u00bb\u00bb max_width_last_edited=\u00bbon|tablet\u00bb module_alignment=\u00bbright\u00bb custom_margin=\u00bb10px|0px||0px\u00bb custom_margin_tablet=\u00bb\u00bb custom_margin_phone=\u00bb\u00bb custom_margin_last_edited=\u00bbon|desktop\u00bb custom_padding=\u00bb|0%||\u00bb animation_style=\u00bbslide\u00bb animation_direction=\u00bbright\u00bb animation_duration=\u00bb1650ms\u00bb animation_intensity_slide=\u00bb16%\u00bb header_font_size_tablet=\u00bb\u00bb header_font_size_phone=\u00bb0.5rem\u00bb header_font_size_last_edited=\u00bbon|phone\u00bb header_2_font_size_tablet=\u00bb\u00bb header_2_font_size_phone=\u00bb1.5rem\u00bb header_2_font_size_last_edited=\u00bbon|phone\u00bb text_text_align=\u00bbleft\u00bb global_colors_info=\u00bb{}\u00bb]<\/p>\n<h2><span class=\"dash-title\">_<\/span>Nuestro compromiso<\/h2>\n<p>[\/et_pb_text][et_pb_slider show_arrows=\u00bboff\u00bb show_pagination=\u00bboff\u00bb module_class=\u00bbfull-image-slider\u00bb _builder_version=\u00bb4.4.5&#8243; background_color=\u00bb#ffffff\u00bb module_alignment=\u00bbright\u00bb animation_style=\u00bbslide\u00bb animation_direction=\u00bbright\u00bb animation_duration=\u00bb2000ms\u00bb animation_delay=\u00bb200ms\u00bb animation_intensity_slide=\u00bb19%\u00bb animation_starting_opacity=\u00bb5%\u00bb auto=\u00bbon\u00bb auto_speed=\u00bb5000&#8243; auto_ignore_hover=\u00bbon\u00bb global_colors_info=\u00bb{}\u00bb][et_pb_slide image=\u00bbhttps:\/\/www.tonnelleriebaron.com\/wp-content\/uploads\/2019\/05\/politique-environnementale.jpg\u00bb image_alt=\u00bbBiodiversidad y preservaci\u00f3n de las zonas verdes\u00bb _builder_version=\u00bb4.4.5&#8243; global_colors_info=\u00bb{}\u00bb sticky_transition=\u00bbon\u00bb][\/et_pb_slide][et_pb_slide image=\u00bbhttps:\/\/www.tonnelleriebaron.com\/wp-content\/uploads\/2019\/03\/TonnellerieBARON.18.10.18.HD\u00a9ANAKA-31.jpg\u00bb image_alt=\u00bbEstanque de regado de los bosques de roble\u00bb _builder_version=\u00bb4.4.5&#8243; global_colors_info=\u00bb{}\u00bb sticky_transition=\u00bbon\u00bb][\/et_pb_slide][et_pb_slide image=\u00bbhttps:\/\/www.tonnelleriebaron.com\/wp-content\/uploads\/2019\/03\/TonnellerieBARON.18.10.18.HD\u00a9ANAKA-11.jpg\u00bb image_alt=\u00bbDiversidad de la fauna en la toneler\u00eda\u00bb _builder_version=\u00bb4.4.5&#8243; global_colors_info=\u00bb{}\u00bb sticky_transition=\u00bbon\u00bb][\/et_pb_slide][\/et_pb_slider][\/et_pb_column][et_pb_column type=\u00bb1_4&#8243; _builder_version=\u00bb3.25&#8243; custom_padding=\u00bb|||\u00bb global_colors_info=\u00bb{}\u00bb custom_padding__hover=\u00bb|||\u00bb][\/et_pb_column][\/et_pb_row][et_pb_row column_structure=\u00bb1_2,1_2&#8243; custom_padding_last_edited=\u00bbon|desktop\u00bb disabled_on=\u00bbon|off|off\u00bb module_class=\u00bb et_pb_row_fullwidth\u00bb _builder_version=\u00bb3.25&#8243; width=\u00bb100%\u00bb width_tablet=\u00bb100%\u00bb width_phone=\u00bb\u00bb width_last_edited=\u00bbon|desktop\u00bb max_width=\u00bb100%\u00bb max_width_tablet=\u00bb100%\u00bb max_width_phone=\u00bb\u00bb max_width_last_edited=\u00bbon|desktop\u00bb custom_margin_tablet=\u00bb\u00bb custom_margin_phone=\u00bb||0px\u00bb custom_margin_last_edited=\u00bbon|desktop\u00bb custom_padding=\u00bb|40px||40px||true\u00bb custom_padding_tablet=\u00bb\u00bb custom_padding_phone=\u00bb|3%|0px|3%||true\u00bb make_fullwidth=\u00bbon\u00bb global_colors_info=\u00bb{}\u00bb][et_pb_column type=\u00bb1_2&#8243; _builder_version=\u00bb3.25&#8243; custom_padding=\u00bb|||\u00bb global_colors_info=\u00bb{}\u00bb custom_padding__hover=\u00bb|||\u00bb][et_pb_text admin_label=\u00bbTexte\u00bb _builder_version=\u00bb4.10.8&#8243; text_font=\u00bbBelleza||||||||\u00bb text_orientation=\u00bbjustified\u00bb custom_padding=\u00bb25px|30px|25px|30px|true|true\u00bb animation_style=\u00bbfade\u00bb animation_duration=\u00bb600ms\u00bb hover_enabled=\u00bb0&#8243; global_colors_info=\u00bb{}\u00bb sticky_enabled=\u00bb0&#8243;]<\/p>\n<p><strong>Al seleccionar nosotros mismos nuestras materias primas recorriendo los bosques durante todo el a\u00f1o, sentimos que la renovaci\u00f3n de esta herencia patrimonial y de su biodiversidad es algo que nos concierne plenamente.<\/strong><\/p>\n<p>La Toneler\u00eda Baron, con objeto de contribuir a la gesti\u00f3n sostenible de los recursos forestales, se compromete a cumplir las estrictas reglas establecidas por el programa internacional PEFC.<\/p>\n<p>Esta certificaci\u00f3n ofrece a nuestros clientes la garant\u00eda de que nuestra madera certificada PEFC proviene de bosques gestionados de manera sostenible, adem\u00e1s de dejar constancia de nuestra preocupaci\u00f3n por la transparencia y por la conservaci\u00f3n del medio ambiente.<\/p>\n<p>[\/et_pb_text][\/et_pb_column][et_pb_column type=\u00bb1_2&#8243; _builder_version=\u00bb3.25&#8243; custom_padding=\u00bb|||\u00bb global_colors_info=\u00bb{}\u00bb custom_padding__hover=\u00bb|||\u00bb][et_pb_text _builder_version=\u00bb3.27.4&#8243; text_font=\u00bbBelleza||||||||\u00bb text_orientation=\u00bbjustified\u00bb custom_padding=\u00bb25px|25px|25px|25px|true|true\u00bb animation_style=\u00bbfade\u00bb animation_duration=\u00bb600ms\u00bb animation_delay=\u00bb100ms\u00bb global_colors_info=\u00bb{}\u00bb]<\/p>\n<p>Con esta gesti\u00f3n, la Toneler\u00eda Baron garantiza un seguimiento ininterrumpido de las materias primas certificadas desde la parcela hasta el cliente final.<\/p>\n<p>Nuestro sentido com\u00fan nos conduce hacia una pol\u00edtica medioambiental que se inscribe en el tiempo, para garantizar la continuidad y la calidad de nuestros productos y la del trabajo de los hombres que los fabrican.<\/p>\n<p>Para ello hemos optado desde 2018 por llevar a cabo varias acciones concretas en beneficio de la preservaci\u00f3n del medio ambiente, asumiendo as\u00ed nuestra responsabilidad frente a nuestros trabajadores, nuestros clientes y las generaciones futuras.<\/p>\n<p>[\/et_pb_text][\/et_pb_column][\/et_pb_row][et_pb_row custom_padding_last_edited=\u00bbon|desktop\u00bb disabled_on=\u00bboff|on|on\u00bb admin_label=\u00bbMobile version\u00bb module_class=\u00bb et_pb_row_fullwidth\u00bb _builder_version=\u00bb3.25&#8243; width=\u00bb100%\u00bb width_tablet=\u00bb100%\u00bb width_phone=\u00bb\u00bb width_last_edited=\u00bbon|desktop\u00bb max_width=\u00bb100%\u00bb max_width_tablet=\u00bb100%\u00bb max_width_phone=\u00bb\u00bb max_width_last_edited=\u00bbon|desktop\u00bb custom_margin_tablet=\u00bb\u00bb custom_margin_phone=\u00bb||0px\u00bb custom_margin_last_edited=\u00bbon|desktop\u00bb custom_padding=\u00bb|40px||40px||true\u00bb custom_padding_tablet=\u00bb\u00bb custom_padding_phone=\u00bb|3%|0px|3%||true\u00bb make_fullwidth=\u00bbon\u00bb global_colors_info=\u00bb{}\u00bb][et_pb_column type=\u00bb4_4&#8243; _builder_version=\u00bb3.25&#8243; custom_padding=\u00bb|||\u00bb global_colors_info=\u00bb{}\u00bb custom_padding__hover=\u00bb|||\u00bb][et_pb_text _builder_version=\u00bb4.10.8&#8243; text_font=\u00bbBelleza||||||||\u00bb text_orientation=\u00bbjustified\u00bb custom_padding=\u00bb25px|30px|25px|30px|true|true\u00bb animation_style=\u00bbfade\u00bb animation_duration=\u00bb600ms\u00bb hover_enabled=\u00bb0&#8243; global_colors_info=\u00bb{}\u00bb sticky_enabled=\u00bb0&#8243;]<\/p>\n<p><strong>Al seleccionar nosotros mismos nuestras materias primas recorriendo los bosques durante todo el a\u00f1o, sentimos que la renovaci\u00f3n de esta herencia patrimonial y de su biodiversidad es algo que nos concierne plenamente.<\/strong><\/p>\n<p>La Toneler\u00eda Baron, con objeto de contribuir a la gesti\u00f3n sostenible de los recursos forestales, se compromete a cumplir las estrictas reglas establecidas por el programa internacional PEFC.<\/p>\n<p>Esta certificaci\u00f3n ofrece a nuestros clientes la garant\u00eda de que nuestra madera certificada PEFC proviene de bosques gestionados de manera sostenible, adem\u00e1s de dejar constancia de nuestra preocupaci\u00f3n por la transparencia y por la conservaci\u00f3n del medio ambiente.<\/p>\n<p>[\/et_pb_text][et_pb_toggle title=\u00bbM\u00e0s sobre el tema\u00bb open_toggle_text_color=\u00bbrgba(244,244,243,0)\u00bb open_toggle_background_color=\u00bb#ffffff\u00bb closed_toggle_background_color=\u00bb#ffffff\u00bb icon_color=\u00bb#8c6f4b\u00bb use_icon_font_size=\u00bbon\u00bb _builder_version=\u00bb3.24&#8243; title_text_color=\u00bb#8c6f4b\u00bb title_font=\u00bb|||on|||||\u00bb title_font_size=\u00bb1rem\u00bb border_width_left=\u00bb3px\u00bb border_color_left=\u00bb#8c6f4b\u00bb global_colors_info=\u00bb{}\u00bb]Con esta gesti\u00f3n, la Toneler\u00eda Baron garantiza un seguimiento ininterrumpido de las materias primas certificadas desde la parcela hasta el cliente final.<\/p>\n<p>Nuestro sentido com\u00fan nos conduce hacia una pol\u00edtica medioambiental que se inscribe en el tiempo, para garantizar la continuidad y la calidad de nuestros productos y la del trabajo de los hombres que los fabrican.<\/p>\n<p>Para ello hemos optado desde 2018 por llevar a cabo varias acciones concretas en beneficio de la preservaci\u00f3n del medio ambiente, asumiendo as\u00ed nuestra responsabilidad frente a nuestros trabajadores, nuestros clientes y las generaciones futuras.[\/et_pb_toggle][\/et_pb_column][\/et_pb_row][\/et_pb_section][et_pb_section fb_built=\u00bb1&#8243; custom_padding_last_edited=\u00bbon|desktop\u00bb admin_label=\u00bbNos Actions\u00bb module_id=\u00bbNUESTRAS ACCIONES\u00bb _builder_version=\u00bb3.25.4&#8243; custom_margin_tablet=\u00bb\u00bb custom_margin_phone=\u00bb0px||0px\u00bb custom_margin_last_edited=\u00bbon|desktop\u00bb custom_padding=\u00bb||\u00bb custom_padding_tablet=\u00bb\u00bb custom_padding_phone=\u00bb0px||0px\u00bb global_colors_info=\u00bb{}\u00bb][et_pb_row column_structure=\u00bb1_4,3_4&#8243; custom_padding_last_edited=\u00bbon|desktop\u00bb admin_label=\u00bbRow\u00bb module_class=\u00bb et_pb_row_fullwidth\u00bb _builder_version=\u00bb3.25&#8243; width=\u00bb100%\u00bb width_tablet=\u00bb100%\u00bb width_phone=\u00bb\u00bb width_last_edited=\u00bbon|desktop\u00bb max_width=\u00bb100%\u00bb max_width_tablet=\u00bb100%\u00bb max_width_phone=\u00bb\u00bb max_width_last_edited=\u00bbon|desktop\u00bb module_alignment=\u00bbleft\u00bb custom_margin_tablet=\u00bb\u00bb custom_margin_phone=\u00bb0px||0px\u00bb custom_margin_last_edited=\u00bbon|desktop\u00bb custom_padding=\u00bb50px|0px|50px|0px|false|false\u00bb custom_padding_tablet=\u00bb\u00bb custom_padding_phone=\u00bb0px||0px\u00bb make_fullwidth=\u00bbon\u00bb global_colors_info=\u00bb{}\u00bb][et_pb_column type=\u00bb1_4&#8243; _builder_version=\u00bb3.25&#8243; custom_padding=\u00bb|||\u00bb global_colors_info=\u00bb{}\u00bb custom_padding__hover=\u00bb|||\u00bb][\/et_pb_column][et_pb_column type=\u00bb3_4&#8243; _builder_version=\u00bb3.25&#8243; custom_padding=\u00bb|||\u00bb global_colors_info=\u00bb{}\u00bb custom_padding__hover=\u00bb|||\u00bb][et_pb_text admin_label=\u00bbTitre les hommes\u00bb _builder_version=\u00bb3.27.4&#8243; text_font=\u00bbMarcellus||||||||\u00bb text_text_color=\u00bb#8c6e4a\u00bb text_font_size=\u00bb3em\u00bb header_font=\u00bb||||||||\u00bb header_text_align=\u00bbleft\u00bb header_2_font=\u00bbJosefin Sans|300||on|||||\u00bb header_2_text_align=\u00bbleft\u00bb header_2_font_size=\u00bb1em\u00bb header_2_letter_spacing=\u00bb3px\u00bb header_2_line_height=\u00bb1.2em\u00bb header_3_font=\u00bb||||||||\u00bb header_3_text_align=\u00bbleft\u00bb max_width_tablet=\u00bb100%\u00bb max_width_phone=\u00bb\u00bb max_width_last_edited=\u00bbon|tablet\u00bb module_alignment=\u00bbright\u00bb custom_margin=\u00bb10px|0px||0px\u00bb custom_margin_tablet=\u00bb\u00bb custom_margin_phone=\u00bb10%||\u00bb custom_margin_last_edited=\u00bbon|desktop\u00bb custom_padding=\u00bb|||\u00bb animation_style=\u00bbslide\u00bb animation_direction=\u00bbright\u00bb animation_duration=\u00bb1650ms\u00bb animation_intensity_slide=\u00bb16%\u00bb header_font_size_last_edited=\u00bboff|desktop\u00bb header_2_font_size_tablet=\u00bb\u00bb header_2_font_size_phone=\u00bb1.5rem\u00bb header_2_font_size_last_edited=\u00bbon|desktop\u00bb global_colors_info=\u00bb{}\u00bb]<\/p>\n<h2><span class=\"dash-title\">_<\/span> Nuestras acciones<\/h2>\n<p>[\/et_pb_text][et_pb_slider show_arrows=\u00bboff\u00bb show_pagination=\u00bboff\u00bb module_class=\u00bbfull-image-slider\u00bb _builder_version=\u00bb4.4.5&#8243; background_color=\u00bb#ffffff\u00bb module_alignment=\u00bbright\u00bb animation_style=\u00bbslide\u00bb animation_direction=\u00bbright\u00bb animation_duration=\u00bb2000ms\u00bb animation_delay=\u00bb200ms\u00bb animation_intensity_slide=\u00bb13%\u00bb animation_starting_opacity=\u00bb5%\u00bb auto=\u00bbon\u00bb auto_speed=\u00bb5000&#8243; auto_ignore_hover=\u00bbon\u00bb global_colors_info=\u00bb{}\u00bb][et_pb_slide image=\u00bbhttps:\/\/www.tonnelleriebaron.com\/wp-content\/uploads\/2019\/03\/TonnellerieBARON.18.10.18.HD\u00a9ANAKA-2.gif\u00bb image_alt=\u00bbEstanque de regado de los bosques de roble\u00bb _builder_version=\u00bb4.4.5&#8243; global_colors_info=\u00bb{}\u00bb sticky_transition=\u00bbon\u00bb][\/et_pb_slide][et_pb_slide image=\u00bbhttps:\/\/www.tonnelleriebaron.com\/wp-content\/uploads\/2019\/03\/TonnellerieBARON.18.10.18.HD\u00a9ANAKA-38.jpg\u00bb image_alt=\u00bbPlanta de producci\u00f3n de las barricas, Tonnellerie Baron\u00bb _builder_version=\u00bb4.4.5&#8243; global_colors_info=\u00bb{}\u00bb sticky_transition=\u00bbon\u00bb][\/et_pb_slide][et_pb_slide image=\u00bbhttps:\/\/www.tonnelleriebaron.com\/wp-content\/uploads\/2019\/03\/TonnellerieBARON.18.10.18.HD\u00a9ANAKA-510.jpg\u00bb image_alt=\u00bbTonelero en el taller\u00bb _builder_version=\u00bb4.4.5&#8243; global_colors_info=\u00bb{}\u00bb sticky_transition=\u00bbon\u00bb][\/et_pb_slide][\/et_pb_slider][\/et_pb_column][\/et_pb_row][et_pb_row column_structure=\u00bb1_2,1_2&#8243; custom_padding_last_edited=\u00bbon|desktop\u00bb disabled_on=\u00bbon|off|off\u00bb admin_label=\u00bbRow\u00bb module_class=\u00bb et_pb_row_fullwidth\u00bb _builder_version=\u00bb3.25&#8243; width=\u00bb100%\u00bb width_tablet=\u00bb100%\u00bb width_phone=\u00bb\u00bb width_last_edited=\u00bbon|desktop\u00bb max_width=\u00bb100%\u00bb max_width_tablet=\u00bb100%\u00bb max_width_phone=\u00bb\u00bb max_width_last_edited=\u00bbon|desktop\u00bb custom_padding=\u00bb|40px|100px||false|false\u00bb custom_padding_tablet=\u00bb\u00bb custom_padding_phone=\u00bb3%|3%|0px|3%||true\u00bb make_fullwidth=\u00bbon\u00bb global_colors_info=\u00bb{}\u00bb][et_pb_column type=\u00bb1_2&#8243; _builder_version=\u00bb3.25&#8243; background_color=\u00bb#f4f4f3&#8243; custom_padding=\u00bb|||\u00bb custom_css_main_element=\u00bbmargin-top:-10%;\u00bb global_colors_info=\u00bb{}\u00bb custom_padding__hover=\u00bb|||\u00bb][et_pb_text _builder_version=\u00bb3.27.4&#8243; text_font=\u00bb||||||||\u00bb text_orientation=\u00bbjustified\u00bb custom_margin=\u00bb||\u00bb custom_padding=\u00bb50px|70px|50px|70px|true|true\u00bb custom_padding_tablet=\u00bb\u00bb custom_padding_phone=\u00bb|3%||3%||true\u00bb custom_padding_last_edited=\u00bbon|desktop\u00bb animation_style=\u00bbslide\u00bb animation_direction=\u00bbleft\u00bb animation_duration=\u00bb1350ms\u00bb animation_intensity_slide=\u00bb4%\u00bb animation_speed_curve=\u00bbease-out\u00bb global_colors_info=\u00bb{}\u00bb]<\/p>\n<p><strong>En sus 150 a\u00f1os de existencia, el centro hist\u00f3rico de producci\u00f3n de la Toneler\u00eda Baron (situado en Les Gonds, en Charente Maritime) ha experimentado numerosas modificaciones a fin de estimular su eficiencia productiva. Actualmente se fabrican anualmente 15.000 barricas, y la capacidad de producci\u00f3n m\u00e1xima se limitar\u00e1 a 18.000 barricas, en aras del equilibrio de los par\u00e1metros medioambientales y sociales.<\/strong><\/p>\n<p>Los trabajadores de la Toneler\u00eda Baron trabajan a diario con la voluntad de minimizar la huella de carbono de su actividad y de proteger el futuro de las nuevas generaciones.<\/p>\n<p>Para preservar y poner en valor la biodiversidad en su centro de producci\u00f3n, en el que trabajan cada d\u00eda 60 personas, la Toneler\u00eda Baron excav\u00f3 en 2016 un estanque de 3.000 m2 para recuperar las aguas procedentes del riego de las maderas. Estas aguas, una vez filtradas, terminan en el r\u00edo Charente situado al lado de la propiedad. Adem\u00e1s del aspecto paisaj\u00edstico, que mejora la calidad de los locales de trabajo (nuevo comedor y sala de seminario a orillas del estanque, jardines acondicionados, preservaci\u00f3n de las zonas verdes), la creaci\u00f3n de este estanque garantiza la seguridad del centro en caso de incendio.<\/p>\n<p>Este primer paso fue seguido por la creaci\u00f3n de un refugio de la \u00abLiga de Protecci\u00f3n de las Aves\u00bb en el seno de la Toneler\u00eda, lo que le vali\u00f3 entrar a formar parte de la primera red de jardines ecol\u00f3gicos de Francia.<\/p>\n<p>[\/et_pb_text][\/et_pb_column][et_pb_column type=\u00bb1_2&#8243; _builder_version=\u00bb3.25&#8243; custom_padding=\u00bb|||\u00bb global_colors_info=\u00bb{}\u00bb custom_padding__hover=\u00bb|||\u00bb][et_pb_text _builder_version=\u00bb3.27.4&#8243; text_font=\u00bb||||||||\u00bb text_orientation=\u00bbjustified\u00bb custom_padding=\u00bb|35px||35px||true\u00bb custom_padding_tablet=\u00bb\u00bb custom_padding_phone=\u00bb10%|3%|10%|3%|true|true\u00bb custom_padding_last_edited=\u00bbon|desktop\u00bb animation_style=\u00bbslide\u00bb animation_direction=\u00bbright\u00bb animation_intensity_slide=\u00bb5%\u00bb global_colors_info=\u00bb{}\u00bb]<pEn 2018 se llev\u00f3 a cabo un diagn\u00f3stico ecol\u00f3gico que identifica los espacios protegidos en torno a las instalaciones. Con motivo de este diagn\u00f3stico, se identific\u00f3 una reserva de biodiversidad del tipo \"Bosque de Las Landas\" y \"Sistema de boscaje\", caracterizada por un clima oce\u00e1nico templado, propicia para la preservaci\u00f3n de la flora local y la reintroducci\u00f3n de una fauna desaparecida.<\/p>\n<p>Desde entonces, con la colaboraci\u00f3n de las escuelas m\u00e1s cercanas van surgiendo progresivamente iniciativas, como la plantaci\u00f3n de especies aut\u00f3ctonas, la instalaci\u00f3n de nidos y comederos de p\u00e1jaros, una madriguera para murci\u00e9lagos, un refugio de insectos, jardineras de espirales con hierbas arom\u00e1ticas, etc.<\/p>\n<p>Algunos paneles informativos y de sensibilizaci\u00f3n presentan la biodiversidad del centro, los acondicionamientos y la pol\u00edtica llevada a cabo, todo ello con un af\u00e1n pedag\u00f3gico y un inter\u00e9s real por la preservaci\u00f3n del medio ambiente.<\/p>\n<p>La afiliaci\u00f3n al Fondo de dotaci\u00f3n \u00abPlantons pour l&#8217;Avenir\u00bb (Plantemos para el Futuro) consolida el plan de actividades en marcha. La Toneler\u00eda Baron, convertida en mecenas desde enero de 2018, participar\u00e1 cada a\u00f1o en la reforestaci\u00f3n de 8 hect\u00e1reas de bosque (1.800 m3 de madera transformable), el equivalente a 1.400 toneladas de CO2 recicladas, es decir, 18 empleos a tiempo completo en el sector maderero. Por cada barrica fabricada, un roble replantado.<\/p>\n<p>La autonom\u00eda energ\u00e9tica del centro de producci\u00f3n es otro reto a conseguir en 2019.<\/p>\n<p>Con una instalaci\u00f3n capaz de producir muy pronto 350kWhc, la producci\u00f3n anual de electricidad verde ser\u00e1 equivalente al consumo de la Toneler\u00eda. La energ\u00eda verde beneficia sobre todo a los trabajadores, que pueden disponer de veh\u00edculos el\u00e9ctricos para los trayectos del domicilio al trabajo.<\/p>\n<p>[\/et_pb_text][\/et_pb_column][\/et_pb_row][et_pb_row custom_padding_last_edited=\u00bbon|desktop\u00bb disabled_on=\u00bboff|on|on\u00bb admin_label=\u00bbMobile version\u00bb module_class=\u00bb et_pb_row_fullwidth\u00bb _builder_version=\u00bb3.25&#8243; width=\u00bb100%\u00bb width_tablet=\u00bb100%\u00bb width_phone=\u00bb\u00bb width_last_edited=\u00bbon|desktop\u00bb max_width=\u00bb100%\u00bb max_width_tablet=\u00bb100%\u00bb max_width_phone=\u00bb\u00bb max_width_last_edited=\u00bbon|desktop\u00bb custom_padding=\u00bb|40px|100px||false|false\u00bb custom_padding_tablet=\u00bb\u00bb custom_padding_phone=\u00bb3%|3%|0px|3%||true\u00bb make_fullwidth=\u00bbon\u00bb global_colors_info=\u00bb{}\u00bb][et_pb_column type=\u00bb4_4&#8243; _builder_version=\u00bb3.25&#8243; background_color=\u00bb#f4f4f3&#8243; custom_padding=\u00bb|||\u00bb custom_css_main_element=\u00bbmargin-top:-10%;\u00bb global_colors_info=\u00bb{}\u00bb custom_padding__hover=\u00bb|||\u00bb][et_pb_text _builder_version=\u00bb3.27.4&#8243; text_font=\u00bb||||||||\u00bb text_orientation=\u00bbjustified\u00bb custom_margin=\u00bb||\u00bb custom_padding=\u00bb50px|70px|50px|70px|true|true\u00bb custom_padding_tablet=\u00bb\u00bb custom_padding_phone=\u00bb|3%||3%||true\u00bb custom_padding_last_edited=\u00bbon|desktop\u00bb animation_style=\u00bbslide\u00bb animation_direction=\u00bbleft\u00bb animation_duration=\u00bb1350ms\u00bb animation_intensity_slide=\u00bb4%\u00bb animation_speed_curve=\u00bbease-out\u00bb global_colors_info=\u00bb{}\u00bb]<\/p>\n<p><strong>En sus 150 a\u00f1os de existencia, el centro hist\u00f3rico de producci\u00f3n de la Toneler\u00eda Baron (situado en Les Gonds, en Charente Maritime) ha experimentado numerosas modificaciones a fin de estimular su eficiencia productiva. Actualmente se fabrican anualmente 15.000 barricas, y la capacidad de producci\u00f3n m\u00e1xima se limitar\u00e1 a 18.000 barricas, en aras del equilibrio de los par\u00e1metros medioambientales y sociales.<\/strong><\/p>\n<p>Los trabajadores de la Toneler\u00eda Baron trabajan a diario con la voluntad de minimizar la huella de carbono de su actividad y de proteger el futuro de las nuevas generaciones.<\/p>\n<p>[\/et_pb_text][et_pb_toggle title=\u00bbM\u00e0s sobre el tema\u00bb open_toggle_text_color=\u00bbrgba(244,244,243,0)\u00bb open_toggle_background_color=\u00bb#f2f2f2&#8243; closed_toggle_background_color=\u00bb#f2f2f2&#8243; icon_color=\u00bb#8c6f4b\u00bb use_icon_font_size=\u00bbon\u00bb _builder_version=\u00bb3.24&#8243; title_text_color=\u00bb#8c6f4b\u00bb title_font=\u00bb|||on|||||\u00bb title_font_size=\u00bb1rem\u00bb border_width_left=\u00bb3px\u00bb border_color_left=\u00bb#8c6f4b\u00bb global_colors_info=\u00bb{}\u00bb]<\/p>\n<p>Para preservar y poner en valor la biodiversidad en su centro de producci\u00f3n, en el que trabajan cada d\u00eda 60 personas, la Toneler\u00eda Baron excav\u00f3 en 2016 un estanque de 3.000 m2 para recuperar las aguas procedentes del riego de las maderas. Estas aguas, una vez filtradas, terminan en el r\u00edo Charente situado al lado de la propiedad. Adem\u00e1s del aspecto paisaj\u00edstico, que mejora la calidad de los locales de trabajo (nuevo comedor y sala de seminario a orillas del estanque, jardines acondicionados, preservaci\u00f3n de las zonas verdes), la creaci\u00f3n de este estanque garantiza la seguridad del centro en caso de incendio.<\/p>\n<p>Este primer paso fue seguido por la creaci\u00f3n de un refugio de la \u00abLiga de Protecci\u00f3n de las Aves\u00bb en el seno de la Toneler\u00eda, lo que le vali\u00f3 entrar a formar parte de la primera red de jardines ecol\u00f3gicos de Francia.<\/p>\n<p>[\/et_pb_toggle][et_pb_text _builder_version=\u00bb3.27.4&#8243; text_font=\u00bb||||||||\u00bb text_orientation=\u00bbjustified\u00bb custom_padding=\u00bb|35px||35px||true\u00bb custom_padding_tablet=\u00bb\u00bb custom_padding_phone=\u00bb10%|3%|10%|3%|true|true\u00bb custom_padding_last_edited=\u00bbon|desktop\u00bb animation_style=\u00bbslide\u00bb animation_direction=\u00bbright\u00bb animation_intensity_slide=\u00bb5%\u00bb global_colors_info=\u00bb{}\u00bb]<\/p>\n<p>En 2018 se llev\u00f3 a cabo un diagn\u00f3stico ecol\u00f3gico que identifica los espacios protegidos en torno a las instalaciones. Con motivo de este diagn\u00f3stico, se identific\u00f3 una reserva de biodiversidad del tipo \u00abBosque de Las Landas\u00bb y \u00abSistema de boscaje\u00bb, caracterizada por un clima oce\u00e1nico templado, propicia para la preservaci\u00f3n de la flora local y la reintroducci\u00f3n de una fauna desaparecida.<\/p>\n<p>Desde entonces, con la colaboraci\u00f3n de las escuelas m\u00e1s cercanas van surgiendo progresivamente iniciativas, como la plantaci\u00f3n de especies aut\u00f3ctonas, la instalaci\u00f3n de nidos y comederos de p\u00e1jaros, una madriguera para murci\u00e9lagos, un refugio de insectos, jardineras de espirales con hierbas arom\u00e1ticas, etc.<\/p>\n<p>[\/et_pb_text][et_pb_toggle title=\u00bbM\u00e0s sobre el tema\u00bb open_toggle_text_color=\u00bbrgba(244,244,243,0)\u00bb open_toggle_background_color=\u00bb#f2f2f2&#8243; closed_toggle_background_color=\u00bb#f2f2f2&#8243; icon_color=\u00bb#8c6f4b\u00bb use_icon_font_size=\u00bbon\u00bb _builder_version=\u00bb3.25.4&#8243; title_text_color=\u00bb#8c6f4b\u00bb title_font=\u00bb|||on|||||\u00bb title_font_size=\u00bb1rem\u00bb custom_margin=\u00bb||40px\u00bb border_width_left=\u00bb3px\u00bb border_color_left=\u00bb#8c6f4b\u00bb global_colors_info=\u00bb{}\u00bb]<pAlgunos paneles informativos y de sensibilizaci\u00f3n presentan la biodiversidad del centro, los acondicionamientos y la pol\u00edtica llevada a cabo, todo ello con un af\u00e1n pedag\u00f3gico y un inter\u00e9s real por la preservaci\u00f3n del medio ambiente.<\/p>\n<p>La afiliaci\u00f3n al Fondo de dotaci\u00f3n \u00abPlantons pour l&#8217;Avenir\u00bb (Plantemos para el Futuro) consolida el plan de actividades en marcha. La Toneler\u00eda Baron, convertida en mecenas desde enero de 2018, participar\u00e1 cada a\u00f1o en la reforestaci\u00f3n de 8 hect\u00e1reas de bosque (1.800 m3 de madera transformable), el equivalente a 1.400 toneladas de CO2 recicladas, es decir, 18 empleos a tiempo completo en el sector maderero. Por cada barrica fabricada, un roble replantado.<\/p>\n<p>La autonom\u00eda energ\u00e9tica del centro de producci\u00f3n es otro reto a conseguir en 2019. <\/p>\n<p>Con una instalaci\u00f3n capaz de producir muy pronto 350kWhc, la producci\u00f3n anual de electricidad verde ser\u00e1 equivalente al consumo de la Toneler\u00eda. La energ\u00eda verde beneficia sobre todo a los trabajadores, que pueden disponer de veh\u00edculos el\u00e9ctricos para los trayectos del domicilio al trabajo.<\/p>\n<p>[\/et_pb_toggle][\/et_pb_column][\/et_pb_row][\/et_pb_section]<\/p>\n","protected":false},"excerpt":{"rendered":"<p><div class=\"selecteur-langues\"><a href=\"\/nuestra-politica-medioambiental\">FR<\/a> \/ <a href=\"\/en\/nuestra-politica-medioambiental\">EN<\/a>  \/ <a href=\"\/it\/nuestra-politica-medioambiental\">IT<\/a><\/div>\nPreservar y poner en valor la biodiversidad_Nuestro compromisoAl seleccionar nosotros mismos nuestras materias primas recorriendo los bosques durante todo el a\u00f1o, sentimos que la renovaci\u00f3n de esta herencia patrimonial y de su biodiversidad es algo que nos concierne plenamente. La Toneler\u00eda Baron, con objeto de contribuir a la gesti\u00f3n sostenible de los recursos forestales, [&hellip;]<\/p>\n","protected":false},"author":1,"featured_media":0,"parent":0,"menu_order":0,"comment_status":"closed","ping_status":"closed","template":"","meta":{"_et_pb_use_builder":"on","_et_pb_old_content":"","_et_gb_content_width":"","footnotes":""},"class_list":["post-2598","page","type-page","status-publish","hentry"],"yoast_head":"<!-- This site is optimized with the Yoast SEO plugin v25.8 - https:\/\/yoast.com\/wordpress\/plugins\/seo\/ -->\n<title>Nuestra pol\u00edtica medioambiental | Tonnellerie Baron<\/title>\n<meta name=\"description\" content=\"Nuestra pol\u00edtica medioambiental | Los hombres de Tonnellerie Baron anelan sin cesar el minimizar la huella de carbono en su actividad y con la voluntad de despejar el camino a las nuevas generaciones.| Tonnellerie Baron\" \/>\n<meta name=\"robots\" content=\"index, follow, max-snippet:-1, max-image-preview:large, max-video-preview:-1\" \/>\n<link rel=\"canonical\" href=\"https:\/\/www.tonnelleriebaron.com\/es\/nuestra-politica-medioambiental\/\" \/>\n<meta property=\"og:locale\" content=\"es_ES\" \/>\n<meta property=\"og:type\" content=\"article\" \/>\n<meta property=\"og:title\" content=\"Nuestra pol\u00edtica medioambiental | Tonnellerie Baron\" \/>\n<meta property=\"og:description\" content=\"Nuestra pol\u00edtica medioambiental | Los hombres de Tonnellerie Baron anelan sin cesar el minimizar la huella de carbono en su actividad y con la voluntad de despejar el camino a las nuevas generaciones.| Tonnellerie Baron\" \/>\n<meta property=\"og:url\" content=\"https:\/\/www.tonnelleriebaron.com\/es\/nuestra-politica-medioambiental\/\" \/>\n<meta property=\"og:site_name\" content=\"Tonnellerie Baron\" \/>\n<meta property=\"article:modified_time\" content=\"2021-10-06T08:52:25+00:00\" \/>\n<meta property=\"og:image\" content=\"https:\/\/www.tonnelleriebaron.com\/wp-content\/uploads\/2020\/05\/TB_OpenGraph_IMG_CARRE.jpg\" \/>\n\t<meta property=\"og:image:width\" content=\"600\" \/>\n\t<meta property=\"og:image:height\" content=\"600\" \/>\n\t<meta property=\"og:image:type\" content=\"image\/jpeg\" \/>\n<meta name=\"twitter:card\" content=\"summary_large_image\" \/>\n<meta name=\"twitter:label1\" content=\"Tiempo de lectura\" \/>\n\t<meta name=\"twitter:data1\" content=\"13 minutos\" \/>\n<script type=\"application\/ld+json\" class=\"yoast-schema-graph\">{\"@context\":\"https:\/\/schema.org\",\"@graph\":[{\"@type\":\"WebPage\",\"@id\":\"https:\/\/www.tonnelleriebaron.com\/es\/nuestra-politica-medioambiental\/\",\"url\":\"https:\/\/www.tonnelleriebaron.com\/es\/nuestra-politica-medioambiental\/\",\"name\":\"Nuestra pol\u00edtica medioambiental | Tonnellerie Baron\",\"isPartOf\":{\"@id\":\"https:\/\/www.tonnelleriebaron.com\/es\/#website\"},\"datePublished\":\"2019-06-19T21:00:57+00:00\",\"dateModified\":\"2021-10-06T08:52:25+00:00\",\"description\":\"Nuestra pol\u00edtica medioambiental | Los hombres de Tonnellerie Baron anelan sin cesar el minimizar la huella de carbono en su actividad y con la voluntad de despejar el camino a las nuevas generaciones.| Tonnellerie Baron\",\"breadcrumb\":{\"@id\":\"https:\/\/www.tonnelleriebaron.com\/es\/nuestra-politica-medioambiental\/#breadcrumb\"},\"inLanguage\":\"es\",\"potentialAction\":[{\"@type\":\"ReadAction\",\"target\":[\"https:\/\/www.tonnelleriebaron.com\/es\/nuestra-politica-medioambiental\/\"]}]},{\"@type\":\"BreadcrumbList\",\"@id\":\"https:\/\/www.tonnelleriebaron.com\/es\/nuestra-politica-medioambiental\/#breadcrumb\",\"itemListElement\":[{\"@type\":\"ListItem\",\"position\":1,\"name\":\"Accueil\",\"item\":\"https:\/\/www.tonnelleriebaron.com\/es\/\"},{\"@type\":\"ListItem\",\"position\":2,\"name\":\"Nuestra pol\u00edtica medioambiental\"}]},{\"@type\":\"WebSite\",\"@id\":\"https:\/\/www.tonnelleriebaron.com\/es\/#website\",\"url\":\"https:\/\/www.tonnelleriebaron.com\/es\/\",\"name\":\"Tonnellerie Baron\",\"description\":\"140 ans de passion au service de vins d&#039;exception.\",\"publisher\":{\"@id\":\"https:\/\/www.tonnelleriebaron.com\/es\/#organization\"},\"potentialAction\":[{\"@type\":\"SearchAction\",\"target\":{\"@type\":\"EntryPoint\",\"urlTemplate\":\"https:\/\/www.tonnelleriebaron.com\/es\/?s={search_term_string}\"},\"query-input\":{\"@type\":\"PropertyValueSpecification\",\"valueRequired\":true,\"valueName\":\"search_term_string\"}}],\"inLanguage\":\"es\"},{\"@type\":\"Organization\",\"@id\":\"https:\/\/www.tonnelleriebaron.com\/es\/#organization\",\"name\":\"Tonnellerie Baron\",\"url\":\"https:\/\/www.tonnelleriebaron.com\/es\/\",\"logo\":{\"@type\":\"ImageObject\",\"inLanguage\":\"es\",\"@id\":\"https:\/\/www.tonnelleriebaron.com\/es\/#\/schema\/logo\/image\/\",\"url\":\"https:\/\/www.tonnelleriebaron.com\/wp-content\/uploads\/2019\/06\/LOGO-TONNELLERIE-BARON-PM874-INSPIRE\u0301E-par-NATURE2.png\",\"contentUrl\":\"https:\/\/www.tonnelleriebaron.com\/wp-content\/uploads\/2019\/06\/LOGO-TONNELLERIE-BARON-PM874-INSPIRE\u0301E-par-NATURE2.png\",\"width\":1302,\"height\":483,\"caption\":\"Tonnellerie Baron\"},\"image\":{\"@id\":\"https:\/\/www.tonnelleriebaron.com\/es\/#\/schema\/logo\/image\/\"},\"sameAs\":[\"https:\/\/www.instagram.com\/tonnelleriebaron\",\"https:\/\/www.linkedin.com\/company\/tonnellerie-baron\"]}]}<\/script>\n<!-- \/ Yoast SEO plugin. -->","yoast_head_json":{"title":"Nuestra pol\u00edtica medioambiental | Tonnellerie Baron","description":"Nuestra pol\u00edtica medioambiental | Los hombres de Tonnellerie Baron anelan sin cesar el minimizar la huella de carbono en su actividad y con la voluntad de despejar el camino a las nuevas generaciones.| Tonnellerie Baron","robots":{"index":"index","follow":"follow","max-snippet":"max-snippet:-1","max-image-preview":"max-image-preview:large","max-video-preview":"max-video-preview:-1"},"canonical":"https:\/\/www.tonnelleriebaron.com\/es\/nuestra-politica-medioambiental\/","og_locale":"es_ES","og_type":"article","og_title":"Nuestra pol\u00edtica medioambiental | Tonnellerie Baron","og_description":"Nuestra pol\u00edtica medioambiental | Los hombres de Tonnellerie Baron anelan sin cesar el minimizar la huella de carbono en su actividad y con la voluntad de despejar el camino a las nuevas generaciones.| Tonnellerie Baron","og_url":"https:\/\/www.tonnelleriebaron.com\/es\/nuestra-politica-medioambiental\/","og_site_name":"Tonnellerie Baron","article_modified_time":"2021-10-06T08:52:25+00:00","og_image":[{"width":600,"height":600,"url":"https:\/\/www.tonnelleriebaron.com\/wp-content\/uploads\/2020\/05\/TB_OpenGraph_IMG_CARRE.jpg","type":"image\/jpeg"}],"twitter_card":"summary_large_image","twitter_misc":{"Tiempo de lectura":"13 minutos"},"schema":{"@context":"https:\/\/schema.org","@graph":[{"@type":"WebPage","@id":"https:\/\/www.tonnelleriebaron.com\/es\/nuestra-politica-medioambiental\/","url":"https:\/\/www.tonnelleriebaron.com\/es\/nuestra-politica-medioambiental\/","name":"Nuestra pol\u00edtica medioambiental | Tonnellerie Baron","isPartOf":{"@id":"https:\/\/www.tonnelleriebaron.com\/es\/#website"},"datePublished":"2019-06-19T21:00:57+00:00","dateModified":"2021-10-06T08:52:25+00:00","description":"Nuestra pol\u00edtica medioambiental | Los hombres de Tonnellerie Baron anelan sin cesar el minimizar la huella de carbono en su actividad y con la voluntad de despejar el camino a las nuevas generaciones.| Tonnellerie Baron","breadcrumb":{"@id":"https:\/\/www.tonnelleriebaron.com\/es\/nuestra-politica-medioambiental\/#breadcrumb"},"inLanguage":"es","potentialAction":[{"@type":"ReadAction","target":["https:\/\/www.tonnelleriebaron.com\/es\/nuestra-politica-medioambiental\/"]}]},{"@type":"BreadcrumbList","@id":"https:\/\/www.tonnelleriebaron.com\/es\/nuestra-politica-medioambiental\/#breadcrumb","itemListElement":[{"@type":"ListItem","position":1,"name":"Accueil","item":"https:\/\/www.tonnelleriebaron.com\/es\/"},{"@type":"ListItem","position":2,"name":"Nuestra pol\u00edtica medioambiental"}]},{"@type":"WebSite","@id":"https:\/\/www.tonnelleriebaron.com\/es\/#website","url":"https:\/\/www.tonnelleriebaron.com\/es\/","name":"Tonnellerie Baron","description":"140 ans de passion au service de vins d&#039;exception.","publisher":{"@id":"https:\/\/www.tonnelleriebaron.com\/es\/#organization"},"potentialAction":[{"@type":"SearchAction","target":{"@type":"EntryPoint","urlTemplate":"https:\/\/www.tonnelleriebaron.com\/es\/?s={search_term_string}"},"query-input":{"@type":"PropertyValueSpecification","valueRequired":true,"valueName":"search_term_string"}}],"inLanguage":"es"},{"@type":"Organization","@id":"https:\/\/www.tonnelleriebaron.com\/es\/#organization","name":"Tonnellerie Baron","url":"https:\/\/www.tonnelleriebaron.com\/es\/","logo":{"@type":"ImageObject","inLanguage":"es","@id":"https:\/\/www.tonnelleriebaron.com\/es\/#\/schema\/logo\/image\/","url":"https:\/\/www.tonnelleriebaron.com\/wp-content\/uploads\/2019\/06\/LOGO-TONNELLERIE-BARON-PM874-INSPIRE\u0301E-par-NATURE2.png","contentUrl":"https:\/\/www.tonnelleriebaron.com\/wp-content\/uploads\/2019\/06\/LOGO-TONNELLERIE-BARON-PM874-INSPIRE\u0301E-par-NATURE2.png","width":1302,"height":483,"caption":"Tonnellerie Baron"},"image":{"@id":"https:\/\/www.tonnelleriebaron.com\/es\/#\/schema\/logo\/image\/"},"sameAs":["https:\/\/www.instagram.com\/tonnelleriebaron","https:\/\/www.linkedin.com\/company\/tonnellerie-baron"]}]}},"_links":{"self":[{"href":"https:\/\/www.tonnelleriebaron.com\/es\/wp-json\/wp\/v2\/pages\/2598","targetHints":{"allow":["GET"]}}],"collection":[{"href":"https:\/\/www.tonnelleriebaron.com\/es\/wp-json\/wp\/v2\/pages"}],"about":[{"href":"https:\/\/www.tonnelleriebaron.com\/es\/wp-json\/wp\/v2\/types\/page"}],"author":[{"embeddable":true,"href":"https:\/\/www.tonnelleriebaron.com\/es\/wp-json\/wp\/v2\/users\/1"}],"replies":[{"embeddable":true,"href":"https:\/\/www.tonnelleriebaron.com\/es\/wp-json\/wp\/v2\/comments?post=2598"}],"version-history":[{"count":0,"href":"https:\/\/www.tonnelleriebaron.com\/es\/wp-json\/wp\/v2\/pages\/2598\/revisions"}],"wp:attachment":[{"href":"https:\/\/www.tonnelleriebaron.com\/es\/wp-json\/wp\/v2\/media?parent=2598"}],"curies":[{"name":"wp","href":"https:\/\/api.w.org\/{rel}","templated":true}]}}